{"id":1765,"date":"2019-05-10T15:14:41","date_gmt":"2019-05-10T13:14:41","guid":{"rendered":"https:\/\/zjazd2019.pedagog.uw.edu.pl\/?page_id=1765"},"modified":"2019-09-17T20:28:48","modified_gmt":"2019-09-17T18:28:48","slug":"zdolnosci-i-tworczosc-problemy-koncepcje-perspektywy-2","status":"publish","type":"page","link":"http:\/\/zjazd2019.pedagog.uw.edu.pl\/index.php\/program\/sympozja-specjalne\/zdolnosci-i-tworczosc-problemy-koncepcje-perspektywy-2\/","title":{"rendered":"Sympozjum 1: Zdolno\u015bci i tw\u00f3rczo\u015b\u0107. Problemy, koncepcje, perspektywy"},"content":{"rendered":"<span itemprop=\"description\"><div class=\"su-tabs su-tabs-style-default su-tabs-mobile-stack\" data-active=\"2\" data-scroll-offset=\"0\"><div class=\"su-tabs-nav\"><span class=\"\" data-url=\"\" data-target=\"blank\" tabindex=\"0\" role=\"button\">Lista zaakceptowanych wyst\u0105pie\u0144<\/span><span class=\"\" data-url=\"\" data-target=\"blank\" tabindex=\"0\" role=\"button\">Szczeg\u00f3\u0142owy program<\/span><\/div><div class=\"su-tabs-panes\"><div class=\"su-tabs-pane su-u-clearfix su-u-trim\" data-title=\"Lista zaakceptowanych wyst\u0105pie\u0144\">\n<h4>Lista zaakceptowanych wystapie\u0144:<\/h4>\n\n<table id=\"tablepress-4\" class=\"tablepress tablepress-id-4\">\n<thead>\n<tr class=\"row-1 odd\">\n\t<th class=\"column-1\">&nbsp;<\/th><th class=\"column-2\">Imi\u0119 i nazwisko uczestnika<\/th><th class=\"column-3\">Tytu\u0142 wyst\u0105pienia<\/th>\n<\/tr>\n<\/thead>\n<tbody>\n<tr class=\"row-2 even\">\n\t<td class=\"column-1\">profesor<\/td><td class=\"column-2\">Wieslawa Limont<\/td><td class=\"column-3\">Ucze\u0144 zdolny z perspektywy teorii dezintegracji pozytywnej<\/td>\n<\/tr>\n<tr class=\"row-3 odd\">\n\t<td class=\"column-1\">prof. dr hab.<\/td><td class=\"column-2\">Maria Ledzi\u0144ska<\/td><td class=\"column-3\">Zwi\u0105zki mi\u0119dzy metapoznaniem a stresem informacyjnym \u2013 perspektywa edukacyjna<\/td>\n<\/tr>\n<tr class=\"row-4 even\">\n\t<td class=\"column-1\">dr hab.<\/td><td class=\"column-2\">Teresa Giza<\/td><td class=\"column-3\">Konteksty (mi\u0119dzy)kulturowe kszta\u0142cenia uczni\u00f3w zdolnych w szkole na przyk\u0142adzie bada\u0144 w\u015br\u00f3d nauczycieli<\/td>\n<\/tr>\n<tr class=\"row-5 odd\">\n\t<td class=\"column-1\">dr hab., prof. APS<\/td><td class=\"column-2\">Jan \u0141aszczyk<\/td><td class=\"column-3\">Ucze\u0144 zdolny w reformowanej szkole<\/td>\n<\/tr>\n<tr class=\"row-6 even\">\n\t<td class=\"column-1\">prof. dr hab.<\/td><td class=\"column-2\">prof. dr hab. Krzysztof J. Szmidt, dr Monika Modrzejewska-\u015awigulska<\/td><td class=\"column-3\">Donios\u0142e spotkania w procesie rozoju zdolno\u015bci tw\u00f3rczych - na przyk\u0142adzie muzyk\u00f3w i re\u017cyserek<\/td>\n<\/tr>\n<tr class=\"row-7 odd\">\n\t<td class=\"column-1\">dr hab.<\/td><td class=\"column-2\">Urszula Szu\u015bcik<\/td><td class=\"column-3\">Badania nad tw\u00f3rczo\u015bci\u0105  - percepcja wzrokowa a rozw\u00f3j tw\u00f3rczo\u015bci plastycznej dziecka<\/td>\n<\/tr>\n<tr class=\"row-8 even\">\n\t<td class=\"column-1\">dr<\/td><td class=\"column-2\">Zofia Okraj<\/td><td class=\"column-3\">Podej\u015bcie teoretyczno-metodologiczne The evolving systems approach to creative work Howarda E. Grubera: za\u0142o\u017cenia i relacja z bada\u0144 w\u0142asnych<\/td>\n<\/tr>\n<tr class=\"row-9 odd\">\n\t<td class=\"column-1\">dr hab.<\/td><td class=\"column-2\">Ma\u0142gorzata Ku\u015bpit<\/td><td class=\"column-3\">Funkcjonowanie w \u015brodowisku szkolnym m\u0142odzie\u017cy uzdolnionej artystycznie.<\/td>\n<\/tr>\n<tr class=\"row-10 even\">\n\t<td class=\"column-1\">doktor<\/td><td class=\"column-2\">Ma\u0142gorzata Sta\u0144czak<\/td><td class=\"column-3\">Rodzicielskie strategie post\u0119powania wychowawczego stosowane wobec dzieci zdolnych<\/td>\n<\/tr>\n<tr class=\"row-11 odd\">\n\t<td class=\"column-1\">doktor<\/td><td class=\"column-2\">Joanna \u0141ukasiewicz-Wieleba<\/td><td class=\"column-3\">Rozwijanie zdolno\u015bci dzieci w \u015brodowisku<\/td>\n<\/tr>\n<tr class=\"row-12 even\">\n\t<td class=\"column-1\">doktor<\/td><td class=\"column-2\">Barbara Pilipczuk<br \/>\n<\/td><td class=\"column-3\">Dziecko zdolne w badaniach empirycznych student\u00f3w APS<\/td>\n<\/tr>\n<tr class=\"row-13 odd\">\n\t<td class=\"column-1\">dr<br \/>\n<\/td><td class=\"column-2\">Anna R\u00f3\u017ca Makaruk<br \/>\n<\/td><td class=\"column-3\">Efekty uczestnictwa w Interpersonalnym Treningu Tw\u00f3rczego My\u015blenia -wst\u0119pne wyniki bada\u0144<\/td>\n<\/tr>\n<tr class=\"row-14 even\">\n\t<td class=\"column-1\">dr<\/td><td class=\"column-2\">dr Ewa Wi\u015bniewska, mgr Alicja Ziarno<\/td><td class=\"column-3\">Wst\u0119pna polska adaptacja baterii test\u00f3w do ewaluacji tw\u00f3rczego potencja\u0142u EPoC (\u00c9valuation du Potentiel Cr\u00e9atif) T.Lubarta, M.Besan\u00e7on, B.Barbota<\/td>\n<\/tr>\n<tr class=\"row-15 odd\">\n\t<td class=\"column-1\">dr hab.<\/td><td class=\"column-2\">Krystyna Najder-Stefaniak<\/td><td class=\"column-3\">Wsp\u00f3lnotowo\u015b\u0107 i solidarno\u015b\u0107 w realizowaniu pedagogiki tw\u00f3rczo\u015bci<\/td>\n<\/tr>\n<tr class=\"row-16 even\">\n\t<td class=\"column-1\">dr hab.<\/td><td class=\"column-2\">Janina<br \/>\nFlorczykiewicz<\/td><td class=\"column-3\">Rozw\u00f3j podmiotowy w warsztacie<br \/>\ntw\u00f3rczym (badania jako\u015bciowe)<\/td>\n<\/tr>\n<tr class=\"row-17 odd\">\n\t<td class=\"column-1\">dr<\/td><td class=\"column-2\">Ma\u0142gorzata Jab\u0142onowska<\/td><td class=\"column-3\">Podejmowanie,<br \/>\nformu\u0142owanie i rozwi\u0105zywanie problem\u00f3w jako wyraz samodzielno\u015bci<br \/>\npoznawczej zdolnej m\u0142odzie\u017cy<\/td>\n<\/tr>\n<\/tbody>\n<\/table>\n\n<\/div>\n<div class=\"su-tabs-pane su-u-clearfix su-u-trim\" data-title=\"Szczeg\u00f3\u0142owy program\">\n<p style=\"text-align: right;\"><a href=\"http:\/\/zjazd2019.pedagog.uw.edu.pl\/wp-content\/uploads\/2019\/09\/11-Sympozjum-a-Zdolno\u015b\u0107-i-tw\u00f3rczo\u015b\u0107.pdf\">Sympozjum Zdolno\u015b\u0107 i tw\u00f3rczo\u015b\u0107<\/a><\/p>\n<div class=\"su-document su-u-responsive-media-yes\"><iframe src=\"\/\/docs.google.com\/viewer?embedded=true&url=http:\/\/zjazd2019.pedagog.uw.edu.pl\/wp-content\/uploads\/2019\/09\/11-Sympozjum-a-Zdolno\u015b\u0107-i-tw\u00f3rczo\u015b\u0107.pdf\" width=\"600\" height=\"1600\" class=\"su-document\" title=\"\"><\/iframe><\/div>\n<\/div><\/div><\/div>\n<span>","protected":false},"excerpt":{"rendered":"<p class=\"excerpt\"><span itemprop=\"description\"><\/span><\/p>\n<p class=\"more-link-p btn-align-right\"><a class=\"blue zoom-btn\" href=\"http:\/\/zjazd2019.pedagog.uw.edu.pl\/index.php\/program\/sympozja-specjalne\/zdolnosci-i-tworczosc-problemy-koncepcje-perspektywy-2\/\">Read More<\/a><\/p>\n","protected":false},"author":1,"featured_media":0,"parent":48,"menu_order":0,"comment_status":"closed","ping_status":"closed","template":"","meta":[],"_links":{"self":[{"href":"http:\/\/zjazd2019.pedagog.uw.edu.pl\/index.php\/wp-json\/wp\/v2\/pages\/1765"}],"collection":[{"href":"http:\/\/zjazd2019.pedagog.uw.edu.pl\/index.php\/wp-json\/wp\/v2\/pages"}],"about":[{"href":"http:\/\/zjazd2019.pedagog.uw.edu.pl\/index.php\/wp-json\/wp\/v2\/types\/page"}],"author":[{"embeddable":true,"href":"http:\/\/zjazd2019.pedagog.uw.edu.pl\/index.php\/wp-json\/wp\/v2\/users\/1"}],"replies":[{"embeddable":true,"href":"http:\/\/zjazd2019.pedagog.uw.edu.pl\/index.php\/wp-json\/wp\/v2\/comments?post=1765"}],"version-history":[{"count":9,"href":"http:\/\/zjazd2019.pedagog.uw.edu.pl\/index.php\/wp-json\/wp\/v2\/pages\/1765\/revisions"}],"predecessor-version":[{"id":2387,"href":"http:\/\/zjazd2019.pedagog.uw.edu.pl\/index.php\/wp-json\/wp\/v2\/pages\/1765\/revisions\/2387"}],"up":[{"embeddable":true,"href":"http:\/\/zjazd2019.pedagog.uw.edu.pl\/index.php\/wp-json\/wp\/v2\/pages\/48"}],"wp:attachment":[{"href":"http:\/\/zjazd2019.pedagog.uw.edu.pl\/index.php\/wp-json\/wp\/v2\/media?parent=1765"}],"curies":[{"name":"wp","href":"https:\/\/api.w.org\/{rel}","templated":true}]}}