{"id":30,"date":"2018-02-03T12:03:11","date_gmt":"2018-02-03T11:03:11","guid":{"rendered":"http:\/\/zjazd2019.pedagog.uw.edu.pl\/?page_id=30"},"modified":"2018-06-06T10:28:07","modified_gmt":"2018-06-06T08:28:07","slug":"historia-zjazdow","status":"publish","type":"page","link":"http:\/\/zjazd2019.pedagog.uw.edu.pl\/index.php\/o-zjezdzie\/historia-zjazdow\/","title":{"rendered":"Historia Zjazd\u00f3w"},"content":{"rendered":"<span itemprop=\"description\"><p style=\"text-align: center;\"><strong>Og\u00f3lnopolskie Zjazdy Pedagogiczne. Historia<\/strong><\/p>\n<p style=\"text-align: left;\">I Og\u00f3lnopolski Zjazd Pedagogiczny odby\u0142 si\u0119 z inicjatywy Polskiego Towarzystwa Pedagogicznego w dniach 10 -12 lutego 1993 roku w Rembertowie . Wcze\u015bniej Towarzystwo organizowa\u0142o statutowe\u00a0 (sprawozdawczo- wyborcze) Walne Zjazdy Delegat\u00f3w P.T.P., kt\u00f3rym zawsze towarzyszy\u0142y znacz\u0105ce merytorycznie konferencje. Organizatorami\u00a0 I Zjazdu by\u0142o Polskie Towarzystwo Pedagogiczne oraz Wydzia\u0142 Pedagogiczny Uniwersytetu Warszawskiego i\u00a0 Akademia Obrony Narodowej. Has\u0142o zjazdowe brzmia\u0142o: \u201eEwolucja to\u017csamo\u015bci pedagogiki\u201d. Przewodnicz\u0105c\u0105 Komitetu Programowego Zjazdu, w kt\u00f3rym uczestniczy\u0142o ponad 600 os\u00f3b (taka by\u0142a granica mo\u017cliwo\u015bci organizacyjnych ) by\u0142a prof. Joanna Rutkowiak, a Komitetu Organizacyjnego \u2013 prof. Henryka Kwiatkowska.\u00a0 Pierwszemu, jak i nast\u0119pnym Zjazdom towarzyszy\u0142o wydawanie publikacji pozjazdowych \u2013 ksi\u0119ga zjazdowa i\u00a0publikacje zwi\u0105zane z pracami poszczeg\u00f3lnych sekcji (ksi\u0105\u017cki, tematyczne numery czasopism). Ksi\u0119g\u0105 zjazdowa I Zjazdu by\u0142a monografia zbiorowa pod redakcj\u0105 Henryki Kwiatkowskiej pt. \u201eEwolucja to\u017csamo\u015bci pedagogiki\u201d wydana w 1994 roku.<\/p>\n<p style=\"text-align: left;\">II Zjazd, kt\u00f3rego organizatorem by\u0142o Polskie Towarzystwo Pedagogiczne i\u00a0Instytut Pedagogiki Wydzia\u0142u Humanistycznego Uniwersytetu im. Miko\u0142aja Kopernika w Toruniu obradowa\u0142\u00a0 w dniach 31 sierpnia &#8211; 2 wrze\u015bnia 1995 roku w\u00a0Toruniu. Obrady koncentrowa\u0142y si\u0119 wok\u00f3\u0142 has\u0142a \u201eDemokracja a o\u015bwiata, kszta\u0142cenie i\u00a0wychowanie\u201d. Przewodnicz\u0105cym Komitetu Programowego by\u0142 prof. Lech Witkowski, a Organizacyjnego prof. J\u00f3zef G\u00f3rniewicz. Ksi\u0119ga zjazdowa: Henryka Kwiatkowska i\u00a0Zbigniew Kwieci\u0144ski (red.)\u00a0 (1996) \u201eDemokracja a o\u015bwiata, kszta\u0142cenie i\u00a0wychowanie. Materia\u0142y z II Og\u00f3lnopolskiego Zjazdu Pedagogicznego\u201d.<\/p>\n<p style=\"text-align: left;\">Miejscem III Zjazdu, kt\u00f3ry odby\u0142 si\u0119 w dniach 21- 23 wrze\u015bnia 1998 roku by\u0142 Pozna\u0144. Organizatorami byli wi\u0119c Polskie Towarzystwo Pedagogiczne i Wydzia\u0142 Studi\u00f3w Edukacyjnych Uniwersytetu im. Adama Mickiewicza w Poznaniu. Przewodnicz\u0105c\u0105 Komitetu Programowego Zjazdu by\u0142a prof. Joanna Rutkowiak, za\u015b Organizacyjnego prof. Janusz Gnitecki. Has\u0142o III Zjazdu to: \u201dPedagogika a edukacja wobec nadziei i zagro\u017ce\u0144 wsp\u00f3\u0142czesno\u015bci \u201d Ksi\u0119ga zjazdowa: Janusz\u00a0 Gnitecki, Joanna Rutkowiak (red.) (1999) \u201ePedagogika\u00a0 a edukacja wobec nadziei i zagro\u017ce\u0144 wsp\u00f3\u0142czesno\u015bci. Materia\u0142y z III Og\u00f3lnopolskiego Zjazdu Pedagogicznego\u201d.<\/p>\n<p style=\"text-align: left;\">IV Og\u00f3lnopolski Zjazd Pedagogiczny obradowa\u0142 w Olsztynie\u00a0 w dniach 20 &#8211;\u00a0 22 wrze\u015bnia 2001 roku. Organizatorzy to Polskie Towarzystwo Pedagogiczne i\u00a0\u00a0 Instytut\u00a0 Nauk o Wychowaniu Wydzia\u0142u Nauk Spo\u0142ecznych i Sztuki Uniwersytetu Warmi\u0144sko -. Mazurskiego. Wiod\u0105cym tematem obrad by\u0142a: \u201dPedagogika i edukacja wobec nowych wsp\u00f3lnot i r\u00f3\u017cnic w jednocz\u0105cej si\u0119 Europie\u201d. Komitetowi Programowemu przewodniczy\u0142 prof. Bogus\u0142aw \u015aliwerski, za\u015b Organizacyjnemu prof. Eugenia Malewska. Ksi\u0119ga zjazdowa:\u00a0\u00a0 Eugenia Malewska i Bogus\u0142aw \u015aliwerski (red.) (2002) \u201ePedagogika i edukacja wobec nowych wsp\u00f3lnot i r\u00f3\u017cnic w jednocz\u0105cej si\u0119 Europie\u201d.<\/p>\n<p style=\"text-align: left;\">\u201ePrzetrwanie i rozw\u00f3j jako niezbywalne powinno\u015bci wychowania\u201d to has\u0142o V\u00a0Zjazdu, kt\u00f3ry odby\u0142 si\u0119 w dniach 23 \u2013 25\u00a0 wrze\u015bnia 2004 roku we Wroc\u0142awiu. Organizatorami byli: Polskie Towarzystwo Pedagogiczne i \u00a0pierwszy raz w uczelnia nie b\u0119d\u0105ca uczelni\u0105 publiczn\u0105 &#8211;<\/p>\n<p style=\"text-align: left;\">Dolno\u015bl\u0105ska Szko\u0142a Wy\u017csza Edukacji Towarzystwa Wiedzy Powszechnej (obecnie\u00a0 Dolno\u015bl\u0105ska Szko\u0142a Wy\u017csza) . Przewodnicz\u0105cym Komitetu Programowego Zjazdu by\u0142 prof. Robert Kwa\u015bnica, a przewodnicz\u0105cymi\u00a0 Komitet Organizacyjnego:\u00a0 prof. Bogus\u0142awa Dorota Go\u0142\u0119bniak i prof. Miros\u0142awa Dziemianowicz \u2013 Nowak. Ksi\u0119ga\u00a0 zjazdowa: Miros\u0142awa Dziemianowicz \u2013 Nowak, Dorota Go\u0142\u0119bniak, Robert Kwa\u015bnica \u00a0(red.) (2005) \u201ePrzetrwanie i rozw\u00f3j jako niezbywalne powinno\u015bci wychowania\u201d.<\/p>\n<p style=\"text-align: left;\">Organizatorami VI Zjazdu by\u0142o Polskie Towarzystwo Pedagogiczne i (po raz pierwszy\u00a0 ) dwie uczelnie\u00a0 : Uniwersytet im. Marii Curie Sk\u0142odowskiej ( Wydzia\u0142 Pedagogiki i Psychologii) oraz Katolicki Uniwersytet Jana Paw\u0142a II . Zjazd obradowa\u0142 w dniach 17 \u2013 19 wrze\u015bnia\u00a0 2007 roku w Lublinie. Has\u0142o Zjazdu to: \u201dEdukacja \u2013 moralno\u015b\u0107 \u2013sfera publiczna\u201d. Na czele Komitetu Programowego sta\u0142a prof. Joanna Rutkowiak, za\u015b Komitetu Organizacyjnego ks. prof. Marian Nowak i prof. Dariusz Kubinowski. Ksi\u0119ga zjazdowa : Joanna Rutkowiak, Dariusz Kubinowski, Marian Nowak (red.)\u00a0 (2007) Edukacja.Moralno\u015b\u0107. Sfera publiczna.<\/p>\n<p style=\"text-align: left;\">VII Og\u00f3lnopolski Zjazd Pedagogiczny, kt\u00f3ry obradowa\u0142 nad tematem \u201ePo \u017cycie si\u0119ga\u0107 nowe\u2026 Teoria a praktyka edukacyjna\u201d odby\u0142 si\u0119 w dniach 20 \u2013 21 wrze\u015bniu 2010 roku \u00a0w Toruniu. Organizatorzy to: Polskie Towarzystwo Pedagogiczne i\u00a0Wydzia\u0142 Nauk Pedagogicznych\u00a0 Uniwersytetu im. Miko\u0142aja Kopernika. Komitetem Programowym Zjazdu kierowa\u0142 prof. Aleksandr Nalaskowski, przewodnicz\u0105c\u0105 Komitetu Organizacyjnego by\u0142a prof. Maria Marta Urli\u0144ska. Ksi\u0119ga zjazdowa: Maria Marta Urli\u0144ska, Agnieszka Uniewska, Jaros\u0142aw Horowski (red.) (2012 ) \u201ePo \u017cycie si\u0119ga\u0107 nowe\u2026 Teoria a praktyka edukacyjna\u201d.<\/p>\n<p style=\"text-align: left;\">VIII Og\u00f3lnopolski Zjazd Pedagogiczny odby\u0142 si\u0119 w dniach 19 \u2013 21 wrze\u015bnia \u00a02013 roku w Gda\u0144sku. Organizatorami byli Polskie Towarzystwo Pedagogiczne i\u00a0Wydzia\u0142 Nauk Spo\u0142ecznych Uniwersytetu Gda\u0144skiego. Has\u0142o Zjazdu to: \u201dR\u00f3\u017cnice \u2013 edukacja \u2013 inkluzja\u201d. Komitetowi Organizacyjnemu przewodniczy\u0142 prof. Tomasz Szkudlarek, a Komitetem Organizacyjnym kierowa\u0142a dr Alicja Komorowska \u2013 Zielony. Ksi\u0119ga zjazdowa: Alicja Komorowska \u2013 Zielony, Tomasz Szkudlarek (red.) ( 2015) \u201eR\u00f3\u017cnice. Edukacja. Inkluzja\u201d.<\/p>\n<p style=\"text-align: left;\">IX Og\u00f3lnopolski Zjazd Pedagogiczny zorganizowany zosta\u0142 przez Polskie Towarzystwo Pedagogiczne, Wydzia\u0142 Pedagogiki i Psychologii Uniwersytetu w\u00a0Bia\u0142ymstoku i Komitet Nauk Pedagogicznych PAN . Obradowa\u0142 w Bia\u0142ymstoku w\u00a0dniach 21 &#8211; 23 wrze\u015bniu 2016 roku Has\u0142o Zjazdu brzmia\u0142o: \u201eKu \u017cyciu warto\u015bciowemu. Idee. Koncepcje. Praktyki\u201d. Komitetem Programowym kierowa\u0142 prof. Jerzy Nikitorowicz, za\u015b Organizacyjnym prof. Miros\u0142aw Sobecki. Ksi\u0119ga zjazdowa: Maria Czerepaniak \u2013 Walczak, Joanna Madali\u0144ska &#8211; Michalak, Bogus\u0142aw \u015aliwerski (red.)\u00a0 (2018 ) Ku \u017cyciu warto\u015bciowemu. Idee &#8211; koncepcje, (t. I),Wioletta Danilewicz, Jerzy Nikitorowicz, Miros\u0142aw Sobecki (red.) (2018) Ku \u017cyciu warto\u015bciowemu. Koncepcje \u2013 praktyki (t. II).<\/p>\n<span>","protected":false},"excerpt":{"rendered":"<p class=\"excerpt\"><span itemprop=\"description\">Og\u00f3lnopolskie Zjazdy Pedagogiczne. Historia I Og\u00f3lnopolski Zjazd Pedagogiczny odby\u0142 si\u0119 z inicjatywy Polskiego Towarzystwa Pedagogicznego w dniach 10 -12 lutego 1993 roku w Rembertowie . Wcze\u015bniej Towarzystwo organizowa\u0142o statutowe\u00a0 (sprawozdawczo- wyborcze) Walne Zjazdy Delegat\u00f3w P.T.P., kt\u00f3rym zawsze towarzyszy\u0142y znacz\u0105ce merytorycznie konferencje. Organizatorami\u00a0 I Zjazdu by\u0142o&hellip;<\/span><\/p>\n<p class=\"more-link-p btn-align-right\"><a class=\"blue zoom-btn\" href=\"http:\/\/zjazd2019.pedagog.uw.edu.pl\/index.php\/o-zjezdzie\/historia-zjazdow\/\">Read More<\/a><\/p>\n","protected":false},"author":1,"featured_media":18,"parent":17,"menu_order":0,"comment_status":"closed","ping_status":"closed","template":"","meta":[],"_links":{"self":[{"href":"http:\/\/zjazd2019.pedagog.uw.edu.pl\/index.php\/wp-json\/wp\/v2\/pages\/30"}],"collection":[{"href":"http:\/\/zjazd2019.pedagog.uw.edu.pl\/index.php\/wp-json\/wp\/v2\/pages"}],"about":[{"href":"http:\/\/zjazd2019.pedagog.uw.edu.pl\/index.php\/wp-json\/wp\/v2\/types\/page"}],"author":[{"embeddable":true,"href":"http:\/\/zjazd2019.pedagog.uw.edu.pl\/index.php\/wp-json\/wp\/v2\/users\/1"}],"replies":[{"embeddable":true,"href":"http:\/\/zjazd2019.pedagog.uw.edu.pl\/index.php\/wp-json\/wp\/v2\/comments?post=30"}],"version-history":[{"count":3,"href":"http:\/\/zjazd2019.pedagog.uw.edu.pl\/index.php\/wp-json\/wp\/v2\/pages\/30\/revisions"}],"predecessor-version":[{"id":335,"href":"http:\/\/zjazd2019.pedagog.uw.edu.pl\/index.php\/wp-json\/wp\/v2\/pages\/30\/revisions\/335"}],"up":[{"embeddable":true,"href":"http:\/\/zjazd2019.pedagog.uw.edu.pl\/index.php\/wp-json\/wp\/v2\/pages\/17"}],"wp:featuredmedia":[{"embeddable":true,"href":"http:\/\/zjazd2019.pedagog.uw.edu.pl\/index.php\/wp-json\/wp\/v2\/media\/18"}],"wp:attachment":[{"href":"http:\/\/zjazd2019.pedagog.uw.edu.pl\/index.php\/wp-json\/wp\/v2\/media?parent=30"}],"curies":[{"name":"wp","href":"https:\/\/api.w.org\/{rel}","templated":true}]}}