{"id":69,"date":"2018-02-03T12:25:56","date_gmt":"2018-02-03T11:25:56","guid":{"rendered":"http:\/\/zjazd2019.pedagog.uw.edu.pl\/?page_id=69"},"modified":"2019-03-08T13:08:17","modified_gmt":"2019-03-08T12:08:17","slug":"wazne-terminy","status":"publish","type":"page","link":"http:\/\/zjazd2019.pedagog.uw.edu.pl\/index.php\/informacje-praktyczne\/wazne-terminy\/","title":{"rendered":"Wa\u017cne Terminy"},"content":{"rendered":"<span itemprop=\"description\"><h3>X Og\u00f3lnopolski Zjazd Pedagogiczny<\/h3>\n<p>01.10.2018 &#8211; otwarcie rejestracji<br \/>\n28.02.2019 \u2013 ostateczny termin nadsy\u0142ania zg\u0142osze\u0144 abstrakt\u00f3w<br \/>\n31.03.2019 \u2013 ostateczny termin przesy\u0142ania decyzji dotycz\u0105cych przyj\u0119cia abstrakt\u00f3w<br \/>\n<strong><span style=\"color: #ff0000;\">31.05.2019<\/span><\/strong> \u2013 ostateczny termin zg\u0142aszania udzia\u0142u biernego<br \/>\n<strong><span style=\"color: #ff0000;\">31.05.2019<\/span><\/strong> \u2013 ostateczny termin dokonywania op\u0142at zwi\u0105zanych ze Zjazdem<br \/>\n31.07.2019 \u2013 ostateczny termin rezygnacji z uczestnictwa z Zje\u017adzie umo\u017cliwiaj\u0105cy zwrot 85% dokonanej wp\u0142aty.<\/p>\n<p>&nbsp;<\/p>\n<h3>Akademia M\u0142odych Naukowc\u00f3w<\/h3>\n<div>\n<div id=\"m_2492692436104719032gmail-content\">\n<div class=\"m_2492692436104719032entry-content m_2492692436104719032gmail-clearfixafter\">\n<p>01.10.2018 \u2013 otwarcie rejestracji<br \/>\n28.02.2019 \u2013 ostateczny termin nadsy\u0142ania zg\u0142osze\u0144 abstrakt\u00f3w<br \/>\n15.04.2019 \u2013 ostateczny termin przesy\u0142ania decyzji dotycz\u0105cych przyj\u0119cia abstrakt\u00f3w<br \/>\n<span style=\"color: #ff0000;\"><strong>31.05.2019<\/strong><\/span> \u2013 ostateczny termin zg\u0142aszania udzia\u0142u biernego<br \/>\n<strong><span style=\"color: #ff0000;\">31.05.2019<\/span><\/strong> \u2013 ostateczny termin dokonywania op\u0142at zwi\u0105zanych z Akademi\u0105<br \/>\n31.07.2019 \u2013 ostateczny termin rezygnacji z uczestnictwa w Akademii\u00a0 umo\u017cliwiaj\u0105cy zwrot 85% dokonanej wp\u0142aty.<\/p>\n<\/div>\n<\/div>\n<\/div>\n<span>","protected":false},"excerpt":{"rendered":"<p class=\"excerpt\"><span itemprop=\"description\">X Og\u00f3lnopolski Zjazd Pedagogiczny 01.10.2018 &#8211; otwarcie rejestracji 28.02.2019 \u2013 ostateczny termin nadsy\u0142ania zg\u0142osze\u0144 abstrakt\u00f3w 31.03.2019 \u2013 ostateczny termin przesy\u0142ania decyzji dotycz\u0105cych przyj\u0119cia abstrakt\u00f3w 31.05.2019 \u2013 ostateczny termin zg\u0142aszania udzia\u0142u biernego 31.05.2019 \u2013 ostateczny termin dokonywania op\u0142at zwi\u0105zanych ze Zjazdem 31.07.2019 \u2013 ostateczny termin rezygnacji&hellip;<\/span><\/p>\n<p class=\"more-link-p btn-align-right\"><a class=\"blue zoom-btn\" href=\"http:\/\/zjazd2019.pedagog.uw.edu.pl\/index.php\/informacje-praktyczne\/wazne-terminy\/\">Read More<\/a><\/p>\n","protected":false},"author":1,"featured_media":65,"parent":58,"menu_order":0,"comment_status":"closed","ping_status":"closed","template":"","meta":[],"_links":{"self":[{"href":"http:\/\/zjazd2019.pedagog.uw.edu.pl\/index.php\/wp-json\/wp\/v2\/pages\/69"}],"collection":[{"href":"http:\/\/zjazd2019.pedagog.uw.edu.pl\/index.php\/wp-json\/wp\/v2\/pages"}],"about":[{"href":"http:\/\/zjazd2019.pedagog.uw.edu.pl\/index.php\/wp-json\/wp\/v2\/types\/page"}],"author":[{"embeddable":true,"href":"http:\/\/zjazd2019.pedagog.uw.edu.pl\/index.php\/wp-json\/wp\/v2\/users\/1"}],"replies":[{"embeddable":true,"href":"http:\/\/zjazd2019.pedagog.uw.edu.pl\/index.php\/wp-json\/wp\/v2\/comments?post=69"}],"version-history":[{"count":9,"href":"http:\/\/zjazd2019.pedagog.uw.edu.pl\/index.php\/wp-json\/wp\/v2\/pages\/69\/revisions"}],"predecessor-version":[{"id":1502,"href":"http:\/\/zjazd2019.pedagog.uw.edu.pl\/index.php\/wp-json\/wp\/v2\/pages\/69\/revisions\/1502"}],"up":[{"embeddable":true,"href":"http:\/\/zjazd2019.pedagog.uw.edu.pl\/index.php\/wp-json\/wp\/v2\/pages\/58"}],"wp:featuredmedia":[{"embeddable":true,"href":"http:\/\/zjazd2019.pedagog.uw.edu.pl\/index.php\/wp-json\/wp\/v2\/media\/65"}],"wp:attachment":[{"href":"http:\/\/zjazd2019.pedagog.uw.edu.pl\/index.php\/wp-json\/wp\/v2\/media?parent=69"}],"curies":[{"name":"wp","href":"https:\/\/api.w.org\/{rel}","templated":true}]}}